{"id":412,"date":"2017-02-24T16:35:53","date_gmt":"2017-02-24T16:35:53","guid":{"rendered":"http:\/\/za.uap.edu.pl\/?page_id=412"},"modified":"2019-03-26T08:17:50","modified_gmt":"2019-03-26T08:17:50","slug":"07-2","status":"publish","type":"page","link":"http:\/\/za.uap.edu.pl\/?page_id=412","title":{"rendered":"07"},"content":{"rendered":"<p><span style=\"font-family: 'Times New Roman', serif;\"><span style=\"font-size: medium;\"><b>7 \/ 1994<\/b><\/span><\/span><\/p>\n<p><a href=\"http:\/\/za.uap.edu.pl\/wp-content\/uploads\/2018\/07\/Cz-213_1994_m7.pdf\">ZESZYTY ARTYSTYCZNE \/ nr 07<\/a><\/p>\n<p>&#8212;&#8212;&#8212;&#8212;&#8212;&#8212;&#8212;&#8212;&#8212;&#8212;&#8212;&#8212;&#8212;&#8212;-<\/p>\n<ul>\n<li><span style=\"font-family: 'Times New Roman', serif;\"><span style=\"font-size: medium;\">Marek Wasilewski \/ <\/span><\/span><span style=\"font-family: 'Times New Roman', serif;\"><span style=\"font-size: medium;\"><i>Zamiast wst\u0119pu<\/i><\/span><\/span><\/li>\n<li><span style=\"font-family: 'Times New Roman', serif;\"><span style=\"font-size: medium;\">Tomasz Szczuka \/ <\/span><\/span><span style=\"font-family: 'Times New Roman', serif;\"><span style=\"font-size: medium;\"><i>O\u00a0 prawdzie przedstawienia<\/i><\/span><\/span><\/li>\n<li><span style=\"font-family: 'Times New Roman', serif;\"><span style=\"font-size: medium;\">Marek Wasilewski \/ <\/span><\/span><span style=\"font-family: 'Times New Roman', serif;\"><span style=\"font-size: medium;\"><i>Dlaczego wideo?<\/i><\/span><\/span><\/li>\n<li><span style=\"font-family: 'Times New Roman', serif;\"><span style=\"font-size: medium;\">Lechos\u0142aw Olszewski \/ <\/span><\/span><span style=\"font-family: 'Times New Roman', serif;\"><span style=\"font-size: medium;\"><i>Gdzie jest cz\u0142owiek? Akcyjna dzia\u0142alno\u015b\u0107<\/i><\/span><\/span><\/li>\n<li><span style=\"font-family: 'Times New Roman', serif;\"><span style=\"font-size: medium;\">Warsztatu Formy Filmowej<\/span><\/span><\/li>\n<li><span style=\"font-family: 'Times New Roman', serif;\"><span style=\"font-size: medium;\">Rozmowa z Wojciechem Bruszewskim<\/span><\/span><\/li>\n<li><span style=\"font-family: 'Times New Roman', serif;\"><span style=\"font-size: medium;\">Rozmowa z J\u00f3zefem Robakowskim<\/span><\/span><\/li>\n<li><span style=\"font-family: 'Times New Roman', serif;\"><span style=\"font-size: medium;\">Rozmowa z Paw\u0142em Kwiekiem<\/span><\/span><\/li>\n<li><span style=\"font-family: 'Times New Roman', serif;\"><span style=\"font-size: medium;\">Rozmowa z Antonim Miko\u0142ajczykiem<\/span><\/span><\/li>\n<li><span style=\"font-family: 'Times New Roman', serif;\"><span style=\"font-size: medium;\">Antoni Miko\u0142ajczyk \/ <\/span><\/span><span style=\"font-family: 'Times New Roman', serif;\"><span style=\"font-size: medium;\"><i>Instalacje wideo \u2013 medium czy rze\u017aba<\/i><\/span><\/span><\/li>\n<li><span style=\"font-family: 'Times New Roman', serif;\"><span style=\"font-size: medium;\">Ryszard W. Kluszczy\u0144ski \/ <\/span><\/span><span style=\"font-family: 'Times New Roman', serif;\"><span style=\"font-size: medium;\"><i>Fragmenty do historii sztuki wideo w Polsce<\/i><\/span><\/span><\/li>\n<li><span style=\"font-family: 'Times New Roman', serif;\"><span style=\"font-size: medium;\">Izabella Gustowska \/ <\/span><\/span><span style=\"font-family: 'Times New Roman', serif;\"><span style=\"font-size: medium;\"><i>Rzeczy, rzeczy\u2026<\/i><\/span><\/span><\/li>\n<li><span style=\"font-family: 'Times New Roman', serif;\"><span style=\"font-size: medium;\">Marek K. Wasilewski \/ <\/span><\/span><span style=\"font-family: 'Times New Roman', serif;\"><span style=\"font-size: medium;\"><i>S\u0142owo o Felcynie<\/i><\/span><\/span><\/li>\n<li><span style=\"font-family: 'Times New Roman', serif;\"><span style=\"font-size: medium;\">Jacek Felcyn \/ <\/span><\/span><span style=\"font-family: 'Times New Roman', serif;\"><span style=\"font-size: medium;\"><i>Estetyka i\u2026 postmodernizm<\/i><\/span><\/span><\/li>\n<li><span style=\"font-family: 'Times New Roman', serif;\"><span style=\"font-size: medium;\">Kronika<\/span><\/span><\/li>\n<\/ul>\n","protected":false},"excerpt":{"rendered":"<p>7 \/ 1994 ZESZYTY ARTYSTYCZNE \/ nr 07 &#8212;&#8212;&#8212;&#8212;&#8212;&#8212;&#8212;&#8212;&#8212;&#8212;&#8212;&#8212;&#8212;&#8212;- Marek Wasilewski \/ Zamiast wst\u0119pu Tomasz Szczuka \/ O\u00a0 prawdzie przedstawienia Marek Wasilewski \/ Dlaczego wideo? Lechos\u0142aw Olszewski \/ Gdzie jest cz\u0142owiek? Akcyjna dzia\u0142alno\u015b\u0107 Warsztatu Formy Filmowej Rozmowa z Wojciechem Bruszewskim&hellip;<\/p>\n<p class=\"more-link-p\"><a class=\"more-link\" href=\"http:\/\/za.uap.edu.pl\/?page_id=412\">Read more &rarr;<\/a><\/p>\n","protected":false},"author":3,"featured_media":0,"parent":0,"menu_order":0,"comment_status":"closed","ping_status":"closed","template":"","meta":[],"_links":{"self":[{"href":"http:\/\/za.uap.edu.pl\/index.php?rest_route=\/wp\/v2\/pages\/412"}],"collection":[{"href":"http:\/\/za.uap.edu.pl\/index.php?rest_route=\/wp\/v2\/pages"}],"about":[{"href":"http:\/\/za.uap.edu.pl\/index.php?rest_route=\/wp\/v2\/types\/page"}],"author":[{"embeddable":true,"href":"http:\/\/za.uap.edu.pl\/index.php?rest_route=\/wp\/v2\/users\/3"}],"replies":[{"embeddable":true,"href":"http:\/\/za.uap.edu.pl\/index.php?rest_route=%2Fwp%2Fv2%2Fcomments&post=412"}],"version-history":[{"count":3,"href":"http:\/\/za.uap.edu.pl\/index.php?rest_route=\/wp\/v2\/pages\/412\/revisions"}],"predecessor-version":[{"id":724,"href":"http:\/\/za.uap.edu.pl\/index.php?rest_route=\/wp\/v2\/pages\/412\/revisions\/724"}],"wp:attachment":[{"href":"http:\/\/za.uap.edu.pl\/index.php?rest_route=%2Fwp%2Fv2%2Fmedia&parent=412"}],"curies":[{"name":"wp","href":"https:\/\/api.w.org\/{rel}","templated":true}]}}