{"id":520,"date":"2017-02-24T17:37:29","date_gmt":"2017-02-24T17:37:29","guid":{"rendered":"http:\/\/za.uap.edu.pl\/?page_id=520"},"modified":"2024-11-14T17:09:35","modified_gmt":"2024-11-14T17:09:35","slug":"zeszyty-artystyczne","status":"publish","type":"page","link":"http:\/\/za.uap.edu.pl\/?page_id=520","title":{"rendered":"Zeszyty Artystyczne"},"content":{"rendered":"<p style=\"text-align: left;\"><span style=\"font-weight: 400;\">\u201eZeszyty Artystyczne\u201d to recenzowane czasopismo naukowe wydawane od 1983 roku przez pozna\u0144sk\u0105 uczelni\u0119 artystyczn\u0105, obecnie pod nazw\u0105 Uniwersytetu Artystycznego im. Magdaleny Abakanowicz w Poznaniu. Od roku akademickiego 2016\/2017 nad publikacj\u0105 czasopisma sprawuje piecz\u0119 Wydzia\u0142 Edukacji Artystycznej i Kuratorstwa. Wersj\u0105 pierwotn\u0105 (referencyjn\u0105) jest wydanie papierowe, ukazuj\u0105ce si\u0119 dwa razy na rok kalendarzowy. Od roku 2012 \u201eZeszyty Artystyczne\u201d figuruj\u0105 w wykazie Ministerstwa Nauki i Szkolnictwa Wy\u017cszego z liczb\u0105 20 punkt\u00f3w, w dyscyplinie nauk o sztuce.\u00a0<\/span><\/p>\n<p style=\"text-align: left;\"><span style=\"font-weight: 400;\">O unikatowym charakterze\u00a0 \u201eZeszyt\u00f3w Artystycznych\u201d stanowi nie tylko czterdziestoletnia tradycja wydawnicza, ale fakt, \u017ce wsp\u00f3\u0142tworzy je akademickie \u015brodowisko teoretyczne i artystyczne. Zapewnia to oryginalno\u015b\u0107 publikowanych w czasopi\u015bmie wynik\u00f3w bada\u0144 naukowych i jest zbie\u017cne z profilem Uniwersytetu Artystycznego im. Magdaleny Abakanowicz w Poznaniu, kt\u00f3ry jako jedyna uczelnia artystyczna w Polsce, dzia\u0142a w obr\u0119bie dw\u00f3ch dyscyplin naukowych: sztuki i nauk o sztuce. Odzwierciedleniem tej interdyscyplinarnej wsp\u00f3\u0142pracy jest strategia wydawnicza \u201eZeszyt\u00f3w Artystycznych\u201d, znajduj\u0105ca wyraz w tematach monograficznych numer\u00f3w czasopisma.<\/span><\/p>\n<p style=\"text-align: left;\"><b>Historia<\/b><span style=\"font-weight: 400;\"><br \/><\/span><span style=\"font-weight: 400;\">\u201eZeszyty Artystyczne\u201d ukazuj\u0105 si\u0119 od 1983 roku. Wydawane by\u0142y przez pozna\u0144sk\u0105 uczelni\u0119 artystyczn\u0105, kt\u00f3rej nazwa zmienia\u0142a si\u0119 od Pozna\u0144skiej Wy\u017cszej Szko\u0142y Sztuk Plastycznych, przez Akademi\u0119 Sztuk Pi\u0119knych (od 1996 roku) a\u017c po wsp\u00f3\u0142czesny Uniwersytet Artystyczny w Poznaniu (od 2010 roku), kt\u00f3rego patronk\u0105 jest od roku 2021 Magdalena Abakanowicz. Grono pierwszych redaktor\u00f3w stanowili, zwi\u0105zani z uczelni\u0105, zar\u00f3wno teoretycy jak i arty\u015bci: Grzegorz Dziamski, Rafa\u0142 Grupi\u0144ski, Alicja K\u0119pi\u0144ska, Jaros\u0142aw Koz\u0142owski, Andrzej Kurzawski i Wojciech M\u00fcller. Pierwszym przewodnicz\u0105cym kolegium redakcyjnego by\u0142 Jan Berdyszak. Nast\u0119pnie przez wiele lat redaktorem naczelnym by\u0142 Marek Wasilewski (numery 7-24, wydane w latach 1994-2013), kolejno funkcj\u0119 redaktorki naczelnej pe\u0142ni\u0142a Justyna Ryczek (numery 25-44, wydane w latach 2014-2023), a od kwietnia roku 2024 &#8211; Ewa W\u00f3jtowicz.<\/span><\/p>\n<p style=\"text-align: left;\"><span style=\"font-weight: 400;\">Pierwsze wydania czasopisma projektowa\u0142 Grzegorz Marsza\u0142ek, autorem projektu graficznego i sk\u0142adu numeru 9 by\u0142 Roman Starzy\u0144ski, a w latach 2003-2016 redaktorem graficznym numer\u00f3w 10-28 by\u0142 Miros\u0142aw Paw\u0142owski. Od numeru 29. projektem i sk\u0142adem czasopisma <\/span><span style=\"font-weight: 400;\">zajmowali si\u0119 Grzegorz My\u0107ka i Bartosz Mamak, kt\u00f3ry realizowa\u0142 sk\u0142ad do numeru 45. w\u0142\u0105cznie. Od roku 2024 autorem projektu i sk\u0142adu czasopisma jest Mateusz Janik.<\/span><\/p>\n<p style=\"text-align: left;\"><span style=\"font-weight: 400;\">Za\u0142o\u017cyciele \u201eZeszyt\u00f3w Artystycznych\u201d dostrzegali potrzeb\u0119 powo\u0142ania czasopisma artystyczno-naukowego o charakterze interdyscyplinarnej platformy komunikacji mi\u0119dzy artystami, teoretykami oraz tw\u00f3rcami kultury \u2013 nie tylko z Poznania czy polskiego \u015brodowiska akademickiego. Pierwszy, dzi\u015b unikatowy, numer \u201eZeszyt\u00f3w Artystycznych\u201d z roku 1983, opatrzony zosta\u0142 wst\u0119pem autorstwa przewodnicz\u0105cego kolegium redakcyjnego, Jana Berdyszaka:<\/span><\/p>\n<p style=\"text-align: left;\"><span style=\"font-weight: 400;\">\u201eZESZYTY ARTYSTYCZNE chc\u0105 uchwyci\u0107 warto\u015bciowe materia\u0142y i fakty, kt\u00f3rych dostarcza \u017cycie uczelni, animowane aktywno\u015bci\u0105 os\u00f3b w niej pracuj\u0105cych oraz j\u0105 wizytuj\u0105cych. Wyborowi materia\u0142\u00f3w przy\u015bwiecaj\u0105 cele rozszerzenia i gruntowania programu dydaktycznego przez zestawienie tego co szczeg\u00f3lniejsze, z tym co codzienne. Zawarty w uczelni potencja\u0142 r\u00f3\u017cnych postaw i pogl\u0105d\u00f3w artystycznych tworzy rodzaje aktywno\u015bci jej pola wewn\u0119trznego, a tak\u017ce tworzy jej zwi\u0105zki z tym, co na zewn\u0105trz. Uczelnia artystyczna, a\u017ceby by\u0107 miejscem, gdzie przez pozostawanie w bezpo\u015brednim kontakcie ucz\u0105 si\u0119 zar\u00f3wno ucz\u0105cy si\u0119, jak i nauczani, musi by\u0107 powi\u0105zana z aktualnie tocz\u0105cym si\u0119 w zasi\u0119gu r\u0119ki \u017cyciem artystycznym i bra\u0107 w niej udzia\u0142 w r\u00f3\u017cny mo\u017cliwy spos\u00f3b. Ostateczne oblicze ka\u017cdego z \u00abZeszyt\u00f3w Artystycznych\u00bb b\u0119dzie zale\u017cne od tego, do kogo b\u0119dzie aktualnie nale\u017ce\u0107 wzmo\u017cona tw\u00f3rcza aktywno\u015b\u0107.\u201d<\/span><\/p>\n<p style=\"text-align: left;\"><span style=\"font-weight: 400;\">Skr\u00f3towo przywo\u0142ana historia pokazuje, \u017ce pismo od pocz\u0105tku czynnie wsp\u00f3\u0142uczestniczy w upowszechnianiu wiedzy dotycz\u0105cej szerokiego kontekstu nauk o sztuce i praktyk sztuki zarazem. Przek\u0142ada si\u0119 to na interdyscyplinarno\u015b\u0107 widoczn\u0105 w tematach poruszanych w poszczeg\u00f3lnych numerach \u201eZeszyt\u00f3w Artystycznych\u201d przez osoby podejmuj\u0105ce si\u0119 roli redaktor\u00f3w i redaktorek prowadz\u0105cych, jak m.in.:<\/span><\/p>\n<ul style=\"text-align: left;\">\n<li aria-level=\"1\"><span style=\"font-weight: 400;\">Konfabulacje pami\u0119ci \u2013 wok\u00f3\u0142 dziedzictwa Stefana Wojneckiego (red. Marianna Micha\u0142owska)<\/span><\/li>\n<li style=\"font-weight: 400;\" aria-level=\"1\"><span style=\"font-weight: 400;\">Tkanina artystyczna. Wobec wsp\u00f3\u0142czesno\u015bci (red. Magdalena Kleszy\u0144ska)<\/span><\/li>\n<li style=\"font-weight: 400;\" aria-level=\"1\"><span style=\"font-weight: 400;\">Misteria \u2013 rytua\u0142y \u2013 performanse. Wymiar estetyczny (red. Jakub \u017bmidzi\u0144ski)<\/span><\/li>\n<li style=\"font-weight: 400;\" aria-level=\"1\"><span style=\"font-weight: 400;\">Kongo w P\/poznaniu. Kongo w dzia\u0142aniu (red. Jan Wasiewicz)<\/span><\/li>\n<li style=\"font-weight: 400;\" aria-level=\"1\"><span style=\"font-weight: 400;\">D\u017awi\u0119k w pozamuzycznych dzia\u0142aniach artystycznych (red. Tomasz Misiak)<\/span><\/li>\n<li style=\"font-weight: 400;\" aria-level=\"1\"><span style=\"font-weight: 400;\">Polska szko\u0142a plakatu \u2013 geneza, tradycja, kontynuacja (red. Mateusz Bieczy\u0144ski)<\/span><\/li>\n<li style=\"font-weight: 400;\" aria-level=\"1\"><span style=\"font-weight: 400;\">Sztuka wobec \u015bwiata (red. Justyna Ryczek)<\/span><\/li>\n<li style=\"font-weight: 400;\" aria-level=\"1\"><span style=\"font-weight: 400;\">Centra i peryferie \u2013 idiom geograficzny w sztukach audiowizualnych (red. Ewa W\u00f3jtowicz)<\/span><\/li>\n<li style=\"font-weight: 400;\" aria-level=\"1\"><span style=\"font-weight: 400;\">Strategie kuratorskie (red. Izabela Kowalczyk, Justyna Ryczek)<\/span><\/li>\n<li style=\"font-weight: 400;\" aria-level=\"1\"><span style=\"font-weight: 400;\">Edukacja muzealna (red. Marcin Szel\u0105g)<\/span><\/li>\n<li style=\"font-weight: 400;\" aria-level=\"1\"><span style=\"font-weight: 400;\">Sztuka i filozofia: #teraz (red. Marta Smoli\u0144ska)<\/span><\/li>\n<li style=\"font-weight: 400;\" aria-level=\"1\"><span style=\"font-weight: 400;\">Kontekst \/ kontekstualizm. Mi\u0119dzy teori\u0105 a praktyk\u0105 (red. Anna Tyczy\u0144ska)<\/span><\/li>\n<li style=\"font-weight: 400;\" aria-level=\"1\"><span style=\"font-weight: 400;\">Nieczytelno\u015b\u0107 (red. Marta Smoli\u0144ska)<\/span><\/li>\n<li style=\"font-weight: 400;\" aria-level=\"1\"><span style=\"font-weight: 400;\">Edukacyjny potencja\u0142 fotografii (red. Marianna Micha\u0142owska, Justyna Ryczek, Maciej Szymanowicz)<\/span><\/li>\n<li style=\"font-weight: 400;\" aria-level=\"1\"><span style=\"font-weight: 400;\">Rytua\u0142 a korespondencja sztuk (red. Jakub \u017bmidzi\u0144ski)<\/span><\/li>\n<li style=\"font-weight: 400;\" aria-level=\"1\"><span style=\"font-weight: 400;\">Edukacja i sztuka w kontek\u015bcie neoliberalnych wymog\u00f3w rentowno\u015bci (red. Izabela Kowalczyk)<\/span><\/li>\n<li style=\"font-weight: 400;\" aria-level=\"1\"><span style=\"font-weight: 400;\">Na pograniczu sztuki i psychologii (red. Jerzy Go\u015bciniak, Sonia Rammer)<\/span><\/li>\n<li style=\"font-weight: 400;\" aria-level=\"1\"><span style=\"font-weight: 400;\">Aksjologiczne granice sztuki (red. Mateusz Bieczy\u0144ski)<\/span><\/li>\n<li style=\"font-weight: 400;\" aria-level=\"1\"><span style=\"font-weight: 400;\">Niemo\u017cliwe\/Mo\u017cliwe. Fikcja w kreacji artystycznej (red. Justyna Ryczek, Ewa W\u00f3jtowicz)<\/span><\/li>\n<li style=\"font-weight: 400;\" aria-level=\"1\"><span style=\"font-weight: 400;\">Alfabetyzm wizualny \u2013 w teorii i praktyce (red. Natalia Pater-Ejgierd, Justyna Ryczek)<\/span><\/li>\n<\/ul>\n<p style=\"text-align: left;\"><span style=\"font-weight: 400;\">Ka\u017cdy numer przygotowywany jest przez wsp\u00f3\u0142pracuj\u0105cego z redakcj\u0105, lecz samodzielnego redaktora prowadz\u0105cego\/ samodzieln\u0105 redaktork\u0119 prowadz\u0105c\u0105 b\u0105d\u017a te\u017c zesp\u00f3\u0142 redaktor\u00f3w prowadz\u0105cych. Kontynuuj\u0105c tradycj\u0119 za\u0142o\u017ce\u0144 przyj\u0119tych przez pierwsz\u0105 redakcj\u0119 czasopisma, ka\u017cde wydanie \u201eZeszyt\u00f3w Artystycznych\u201d dokumentuje \u017cycie artystyczne Uniwersytetu Artystycznego im. Magdaleny Abakanowicz w Poznaniu poprzez publikowane kalendarium aktualnych wystaw i wydarze\u0144 oraz kronik\u0119 Wydzia\u0142u Edukacji Artystycznej i Kuratorstwa. W czasopi\u015bmie ukazuj\u0105 si\u0119 r\u00f3wnie\u017c debiutanckie artyku\u0142y naukowe m\u0142odych autor\u00f3w i autorek, zredagowane na podstawie prac magisterskich, kt\u00f3re otrzyma\u0142y pierwsz\u0105 nagrod\u0119 w corocznym, uczelnianym konkursie im. Alicji K\u0119pi\u0144skiej na najlepsz\u0105 prac\u0119 teoretyczn\u0105.\u00a0<\/span><\/p>\n<p style=\"text-align: left;\"><span style=\"font-weight: 400;\">Redakcja d\u0105\u017cy tak\u017ce do nawi\u0105zywania interdyscyplinarnego dialogu, publikuj\u0105c monograficzne numery czasopisma, kt\u00f3rych celem jest namys\u0142 nad sztuk\u0105 w relacji z naukami o kulturze i religii, filozofi\u0105, estetyk\u0105, psychologi\u0105, czy prawem. W\u015br\u00f3d niedawno opublikowanych numer\u00f3w \u201eZeszyt\u00f3w Artystycznych\u201d znalaz\u0142y si\u0119 wydania powsta\u0142e w wyniku wsp\u00f3\u0142pracy mi\u0119dzywydzia\u0142owej w ramach UAP (wsparcie ze strony Wydzia\u0142u Fotografii), jak r\u00f3wnie\u017c zewn\u0119trznej: mi\u0119dzyuczelnianej z Wydzia\u0142em Historii Uniwersytetu im. Adama Mickiewicza w Poznaniu, a tak\u017ce dzi\u0119ki wsparciu towarzystw naukowych: Polskiego Towarzystwa Bada\u0144 nad Filmem i Mediami, czy Naukowego Towarzystwa Fotografii im. Stefana Wojneckiego.<\/span><\/p>\n<p style=\"text-align: left;\"><span style=\"font-weight: 400;\">\u201eZeszyty Artystycznie\u201d, zgodnie z za\u0142o\u017ceniami mi\u0119dzynarodowej Rady Programowej, d\u0105\u017c\u0105 do upowszechniania wiedzy z zakresu nauk o sztuce poprzez dotarcie do zagranicznych czytelnik\u00f3w, publikuj\u0105c przek\u0142ady artyku\u0142\u00f3w naukowych na j\u0119zyk angielski. Dzi\u0119ki staraniom o dofinansowanie w ramach program\u00f3w ministerialnych ukaza\u0142o si\u0119 drukiem \u0142\u0105cznie 8 obszernych, dwuj\u0119zycznych numer\u00f3w \u201eZeszyt\u00f3w Artystycznych\u201d; odpowiednio dzi\u0119ki \u015brodkom otrzymanym od Ministra Nauki i Szkolnictwa Wy\u017cszego przeznaczonym na dzia\u0142alno\u015b\u0107 upowszechniaj\u0105c\u0105 nauk\u0119 w latach 2018-2019 (w ramach projektu 844\/P-DUN\/2018) oraz dzi\u0119ki wsparciu w ramach programu Ministerstwa Edukacji i Nauki \u201eRozw\u00f3j czasopism naukowych\u201d (numer umowy RCN\/SP\/0363\/2021\/1) w latach 2022-2023. Pozwoli\u0142o to na rozszerzenie zasi\u0119gu czasopisma poprzez jego umi\u0119dzynarodowienie za spraw\u0105 t\u0142umacze\u0144 artyku\u0142\u00f3w naukowych na j\u0119zyk angielski. Opr\u00f3cz wyda\u0144 dofinansowanych, redakcja stara si\u0119 utrzyma\u0107 mi\u0119dzynarodowo\u015b\u0107 czasopisma, publikuj\u0105c w nim angloj\u0119zyczne teksty i rozszerzone streszczenia artyku\u0142\u00f3w.<\/span><\/p>\n<p style=\"text-align: left;\"><span style=\"font-weight: 400;\">Komplet wyda\u0144 \u201eZeszyt\u00f3w Artystycznych\u201d od pierwszego numeru, dost\u0119pny jest na stronie<\/span><a href=\"http:\/\/za.uap.edu.pl\"> <span style=\"font-weight: 400;\">za.uap.edu.pl<\/span><\/a><span style=\"font-weight: 400;\"> dzi\u0119ki archiwizacji, zrealizowanej w ramach zadania <\/span><i><span style=\"font-weight: 400;\">Digitalizacja i promocja czasopisma<\/span><\/i><span style=\"font-weight: 400;\"> \u2013 finansowanego w ramach umowy 844\/P-DUN\/2018 ze \u015brodk\u00f3w Ministra Nauki i Szkolnictwa Wy\u017cszego przeznaczonych na dzia\u0142alno\u015b\u0107 upowszechniaj\u0105c\u0105 nauk\u0119.<\/span><\/p>\n\n\n<div style=\"height:100px\" aria-hidden=\"true\" class=\"wp-block-spacer\"><\/div>\n\n\n\n<p><\/p>\n","protected":false},"excerpt":{"rendered":"<p>\u201eZeszyty Artystyczne\u201d to recenzowane czasopismo naukowe wydawane od 1983 roku przez pozna\u0144sk\u0105 uczelni\u0119 artystyczn\u0105, obecnie pod nazw\u0105 Uniwersytetu Artystycznego im. Magdaleny Abakanowicz w Poznaniu. Od roku akademickiego 2016\/2017 nad publikacj\u0105 czasopisma sprawuje piecz\u0119 Wydzia\u0142 Edukacji Artystycznej i Kuratorstwa. Wersj\u0105 pierwotn\u0105&hellip;<\/p>\n<p class=\"more-link-p\"><a class=\"more-link\" href=\"http:\/\/za.uap.edu.pl\/?page_id=520\">Read more &rarr;<\/a><\/p>\n","protected":false},"author":3,"featured_media":0,"parent":0,"menu_order":0,"comment_status":"closed","ping_status":"closed","template":"","meta":[],"_links":{"self":[{"href":"http:\/\/za.uap.edu.pl\/index.php?rest_route=\/wp\/v2\/pages\/520"}],"collection":[{"href":"http:\/\/za.uap.edu.pl\/index.php?rest_route=\/wp\/v2\/pages"}],"about":[{"href":"http:\/\/za.uap.edu.pl\/index.php?rest_route=\/wp\/v2\/types\/page"}],"author":[{"embeddable":true,"href":"http:\/\/za.uap.edu.pl\/index.php?rest_route=\/wp\/v2\/users\/3"}],"replies":[{"embeddable":true,"href":"http:\/\/za.uap.edu.pl\/index.php?rest_route=%2Fwp%2Fv2%2Fcomments&post=520"}],"version-history":[{"count":16,"href":"http:\/\/za.uap.edu.pl\/index.php?rest_route=\/wp\/v2\/pages\/520\/revisions"}],"predecessor-version":[{"id":1983,"href":"http:\/\/za.uap.edu.pl\/index.php?rest_route=\/wp\/v2\/pages\/520\/revisions\/1983"}],"wp:attachment":[{"href":"http:\/\/za.uap.edu.pl\/index.php?rest_route=%2Fwp%2Fv2%2Fmedia&parent=520"}],"curies":[{"name":"wp","href":"https:\/\/api.w.org\/{rel}","templated":true}]}}